{"id":347,"date":"2019-10-02T16:17:22","date_gmt":"2019-10-02T14:17:22","guid":{"rendered":"https:\/\/estudi-xv.cat\/?page_id=347"},"modified":"2021-03-01T17:08:02","modified_gmt":"2021-03-01T15:08:02","slug":"calculo-y-diseno-estructuras","status":"publish","type":"page","link":"https:\/\/estudi-xv.cat\/es\/calculo-y-diseno-estructuras\/","title":{"rendered":"C\u00e1lculo y Dise\u00f1o Estructuras"},"content":{"rendered":"\n<style type=\"text\/css\" data-created_by=\"avia_inline_auto\" id=\"style-css-av-av_heading-425091fdd6ab24a173fb71b6e0e6fdd8\">\n#top .av-special-heading.av-av_heading-425091fdd6ab24a173fb71b6e0e6fdd8{\npadding-bottom:10px;\n}\nbody .av-special-heading.av-av_heading-425091fdd6ab24a173fb71b6e0e6fdd8 .av-special-heading-tag .heading-char{\nfont-size:25px;\n}\n.av-special-heading.av-av_heading-425091fdd6ab24a173fb71b6e0e6fdd8 .av-subheading{\nfont-size:15px;\n}\n<\/style>\n<div  class='av-special-heading av-av_heading-425091fdd6ab24a173fb71b6e0e6fdd8 av-special-heading-h1  avia-builder-el-0  el_before_av_hr  avia-builder-el-first '><h1 class='av-special-heading-tag'  itemprop=\"headline\"  >C\u00c1LCULO Y DISE\u00d1O ESTRUCTURAS PARA NUEVA CONSTRUCCI\u00d3N O GRAN REHABILITACI\u00d3N<\/h1><div class=\"special-heading-border\"><div class=\"special-heading-inner-border\"><\/div><\/div><\/div>\n\n<style type=\"text\/css\" data-created_by=\"avia_inline_auto\" id=\"style-css-av-av_hr-5ea7596238ed9f191e6b5e662093052f\">\n#top .hr.hr-invisible.av-av_hr-5ea7596238ed9f191e6b5e662093052f{\nheight:30px;\n}\n<\/style>\n<div  class='hr av-av_hr-5ea7596238ed9f191e6b5e662093052f hr-invisible  avia-builder-el-1  el_after_av_heading  el_before_av_one_half '><span class='hr-inner '><span class=\"hr-inner-style\"><\/span><\/span><\/div>\n<div  class='flex_column av-av_one_half-2a9015ff38129c418a3f2eafba3e9512 av_one_half  avia-builder-el-2  el_after_av_hr  el_before_av_two_fifth  first flex_column_div  '     ><section  class='av_textblock_section av-av_textblock-2de302bf1aa3cf4c9157dbe6f50ac7eb '   itemscope=\"itemscope\" itemtype=\"https:\/\/schema.org\/CreativeWork\" ><div class='avia_textblock'  itemprop=\"text\" ><ul>\n<li>C\u00e1lculo y dise\u00f1o de toda tipolog\u00eda de estructuras arquitect\u00f3nicas en nueva construcci\u00f3n y gran rehabilitaci\u00f3n, para proyectos propios o como encargo de arquitectos, empresas constructoras, promotoras, etc. y para cualquier uso de la edificaci\u00f3n, tambi\u00e9n industrial.<\/li>\n<li>Rec\u00e1lculos de estructuras para su optimizaci\u00f3n.<\/li>\n<\/ul>\n<\/div><\/section><br \/>\n\n<style type=\"text\/css\" data-created_by=\"avia_inline_auto\" id=\"style-css-av-av_hr-5ea7596238ed9f191e6b5e662093052f\">\n#top .hr.hr-invisible.av-av_hr-5ea7596238ed9f191e6b5e662093052f{\nheight:30px;\n}\n<\/style>\n<div  class='hr av-av_hr-5ea7596238ed9f191e6b5e662093052f hr-invisible  avia-builder-el-4  el_after_av_textblock  el_before_av_button '><span class='hr-inner '><span class=\"hr-inner-style\"><\/span><\/span><\/div><br \/>\n<div  class='avia-button-wrap av-av_button-b0274fb9d08fcd00ecbd1c651521576d-wrap avia-button-center  avia-builder-el-5  el_after_av_hr  avia-builder-el-last '><a href='https:\/\/estudi-xv.cat\/es\/contacto\/'  class='avia-button av-av_button-b0274fb9d08fcd00ecbd1c651521576d avia-icon_select-no avia-size-large avia-position-center avia-color-theme-color'  ><span class='avia_iconbox_title' >Contactar<\/span><\/a><\/div><\/p><\/div>\n\n<style type=\"text\/css\" data-created_by=\"avia_inline_auto\" id=\"style-css-av-av_two_fifth-49f6e875884219cf77c24341e550af53\">\n.flex_column.av-av_two_fifth-49f6e875884219cf77c24341e550af53{\n-webkit-border-radius:0px 0px 0px 0px;\n-moz-border-radius:0px 0px 0px 0px;\nborder-radius:0px 0px 0px 0px;\npadding:0px 0px 0px 0px;\n}\n<\/style>\n<div  class='flex_column av-av_two_fifth-49f6e875884219cf77c24341e550af53 av_two_fifth  avia-builder-el-6  el_after_av_one_half  el_before_av_hr  flex_column_div av-zero-column-padding  '     ><style type=\"text\/css\" data-created_by=\"avia_inline_auto\" id=\"style-css-av-av_image-95daab3cff2c9ab694f3252bfabe50ea\">\n.avia-image-container.av-av_image-95daab3cff2c9ab694f3252bfabe50ea img.avia_image{\nbox-shadow:none;\n}\n.avia-image-container.av-av_image-95daab3cff2c9ab694f3252bfabe50ea .av-image-caption-overlay-center{\ncolor:#ffffff;\n}\n<\/style>\n<div  class='avia-image-container av-av_image-95daab3cff2c9ab694f3252bfabe50ea av-styling- avia-align-center  avia-builder-el-7  avia-builder-el-no-sibling '   itemprop=\"image\" itemscope=\"itemscope\" itemtype=\"https:\/\/schema.org\/ImageObject\" ><div class=\"avia-image-container-inner\"><div class=\"avia-image-overlay-wrap\"><img decoding=\"async\" class='wp-image-449 avia-img-lazy-loading-not-449 avia_image ' src=\"https:\/\/estudi-xv.cat\/wp-content\/uploads\/2019\/10\/estruc.jpg\" alt='estruc' title=''  height=\"800\" width=\"600\"  itemprop=\"thumbnailUrl\" srcset=\"https:\/\/estudi-xv.cat\/wp-content\/uploads\/2019\/10\/estruc.jpg 600w, https:\/\/estudi-xv.cat\/wp-content\/uploads\/2019\/10\/estruc-225x300.jpg 225w, https:\/\/estudi-xv.cat\/wp-content\/uploads\/2019\/10\/estruc-529x705.jpg 529w, https:\/\/estudi-xv.cat\/wp-content\/uploads\/2019\/10\/estruc-450x600.jpg 450w\" sizes=\"(max-width: 600px) 100vw, 600px\" \/><\/div><\/div><\/div><\/div>\n\n<style type=\"text\/css\" data-created_by=\"avia_inline_auto\" id=\"style-css-av-av_hr-5ea7596238ed9f191e6b5e662093052f\">\n#top .hr.hr-invisible.av-av_hr-5ea7596238ed9f191e6b5e662093052f{\nheight:30px;\n}\n<\/style>\n<div  class='hr av-av_hr-5ea7596238ed9f191e6b5e662093052f hr-invisible  avia-builder-el-8  el_after_av_two_fifth  el_before_av_heading '><span class='hr-inner '><span class=\"hr-inner-style\"><\/span><\/span><\/div>\n\n<style type=\"text\/css\" data-created_by=\"avia_inline_auto\" id=\"style-css-av-av_heading-806d5610140781541ca017df6dfba624\">\n#top .av-special-heading.av-av_heading-806d5610140781541ca017df6dfba624{\npadding-bottom:10px;\n}\nbody .av-special-heading.av-av_heading-806d5610140781541ca017df6dfba624 .av-special-heading-tag .heading-char{\nfont-size:25px;\n}\n.av-special-heading.av-av_heading-806d5610140781541ca017df6dfba624 .av-subheading{\nfont-size:15px;\n}\n<\/style>\n<div  class='av-special-heading av-av_heading-806d5610140781541ca017df6dfba624 av-special-heading-h2  avia-builder-el-9  el_after_av_hr  el_before_av_textblock '><h2 class='av-special-heading-tag'  itemprop=\"headline\"  >C\u00c1LCULO ESTRUCTURA PARA NUEVA CONSTRUCCI\u00d3N EDIFICIO EN TESTERO<\/h2><div class=\"special-heading-border\"><div class=\"special-heading-inner-border\"><\/div><\/div><\/div>\n<section  class='av_textblock_section av-av_textblock-2de302bf1aa3cf4c9157dbe6f50ac7eb '   itemscope=\"itemscope\" itemtype=\"https:\/\/schema.org\/CreativeWork\" ><div class='avia_textblock'  itemprop=\"text\" ><p>16 viviendas, 1 local y 17 plazas de aparcamiento, C. Teatre, Cadaqu\u00e9s. (2 PS + PB + 3 PP, sup. construida = 2.750 m2)<\/p>\n<\/div><\/section>\n<div id='av-masonry-1' class='av-masonry av-av_masonry_gallery-008a51ba65ba05abb7258f9d6be175fc noHover av-fixed-size av-large-gap av-hover-overlay- av-masonry-animation-active av-masonry-col-4 av-caption-always av-caption-style- av-masonry-gallery ' data-post_id=\"347\"><div class=\"av-masonry-container isotope av-js-disabled\"><div class='av-masonry-entry isotope-item av-masonry-item-no-image '><\/div><a href=\"https:\/\/estudi-xv.cat\/wp-content\/uploads\/2019\/09\/01-C.TEATRE_CADAQUES.jpg\" data-srcset=\"https:\/\/estudi-xv.cat\/wp-content\/uploads\/2019\/09\/01-C.TEATRE_CADAQUES.jpg 1024w, https:\/\/estudi-xv.cat\/wp-content\/uploads\/2019\/09\/01-C.TEATRE_CADAQUES-300x225.jpg 300w, https:\/\/estudi-xv.cat\/wp-content\/uploads\/2019\/09\/01-C.TEATRE_CADAQUES-768x576.jpg 768w, https:\/\/estudi-xv.cat\/wp-content\/uploads\/2019\/09\/01-C.TEATRE_CADAQUES-705x529.jpg 705w, https:\/\/estudi-xv.cat\/wp-content\/uploads\/2019\/09\/01-C.TEATRE_CADAQUES-450x338.jpg 450w\" data-sizes=\"(max-width: 1024px) 100vw, 1024px\"  aria-label=\"image 01-C.TEATRE_CADAQUES\"  id='av-masonry-1-item-100' data-av-masonry-item='100' class='av-masonry-entry isotope-item post-100 attachment type-attachment status-inherit hentry  av-masonry-item-with-image' title=\"01-C.TEATRE_CADAQUES\" alt=\"\"    itemprop=\"thumbnailUrl\" ><div class='av-inner-masonry-sizer'><\/div><figure class='av-inner-masonry main_color'><div class=\"av-masonry-outerimage-container\"><div class='av-masonry-image-container' style=\"background-image: url(https:\/\/estudi-xv.cat\/wp-content\/uploads\/2019\/09\/01-C.TEATRE_CADAQUES-705x529.jpg);\"  title=\"01-C.TEATRE_CADAQUES\"  ><\/div><\/div><\/figure><\/a><!--end av-masonry entry--><\/div><\/div>\n\n<style type=\"text\/css\" data-created_by=\"avia_inline_auto\" id=\"style-css-av-av_heading-20b77b8414afa4c20ce60f8cdf66da9a\">\n#top .av-special-heading.av-av_heading-20b77b8414afa4c20ce60f8cdf66da9a{\npadding-bottom:10px;\n}\nbody .av-special-heading.av-av_heading-20b77b8414afa4c20ce60f8cdf66da9a .av-special-heading-tag .heading-char{\nfont-size:25px;\n}\n.av-special-heading.av-av_heading-20b77b8414afa4c20ce60f8cdf66da9a .av-subheading{\nfont-size:15px;\n}\n<\/style>\n<div  class='av-special-heading av-av_heading-20b77b8414afa4c20ce60f8cdf66da9a av-special-heading-h2  avia-builder-el-12  el_after_av_masonry_gallery  el_before_av_textblock  avia-builder-el-first '><h2 class='av-special-heading-tag'  itemprop=\"headline\"  >C\u00c1LCULO DE ESTRUCTURA Y DIRECCI\u00d3N DE OBRA PARA NUEVA CONSTRUCCI\u00d3N BLOQUE AISLADO<\/h2><div class=\"special-heading-border\"><div class=\"special-heading-inner-border\"><\/div><\/div><\/div>\n<section  class='av_textblock_section av-av_textblock-2de302bf1aa3cf4c9157dbe6f50ac7eb '   itemscope=\"itemscope\" itemtype=\"https:\/\/schema.org\/CreativeWork\" ><div class='avia_textblock'  itemprop=\"text\" ><p>36 viviendas, 20 locales y 47 plazas de aparcamiento, C. Escultor Ord\u00f3\u00f1ez, Barcelona. (2 PS + PB + 4 PP, sup. construida = 6.700 m2)<\/p>\n<\/div><\/section>\n<div id='av-masonry-2' class='av-masonry av-av_masonry_gallery-cddc396afe84448ad7ce478a35bf3d99 noHover av-fixed-size av-large-gap av-hover-overlay- av-masonry-animation-active av-masonry-col-4 av-caption-always av-caption-style- av-masonry-gallery ' data-post_id=\"347\"><div class=\"av-masonry-container isotope av-js-disabled\"><div class='av-masonry-entry isotope-item av-masonry-item-no-image '><\/div><a href=\"https:\/\/estudi-xv.cat\/wp-content\/uploads\/2019\/09\/02-C.ESCULTORORDO\u00d1EZ_BCN-1.jpg\" data-srcset=\"https:\/\/estudi-xv.cat\/wp-content\/uploads\/2019\/09\/02-C.ESCULTORORDO\u00d1EZ_BCN-1.jpg 1024w, https:\/\/estudi-xv.cat\/wp-content\/uploads\/2019\/09\/02-C.ESCULTORORDO\u00d1EZ_BCN-1-300x225.jpg 300w, https:\/\/estudi-xv.cat\/wp-content\/uploads\/2019\/09\/02-C.ESCULTORORDO\u00d1EZ_BCN-1-768x576.jpg 768w, https:\/\/estudi-xv.cat\/wp-content\/uploads\/2019\/09\/02-C.ESCULTORORDO\u00d1EZ_BCN-1-705x529.jpg 705w, https:\/\/estudi-xv.cat\/wp-content\/uploads\/2019\/09\/02-C.ESCULTORORDO\u00d1EZ_BCN-1-450x338.jpg 450w\" data-sizes=\"(max-width: 1024px) 100vw, 1024px\"  aria-label=\"image 02-C.ESCULTORORDO\u00d1EZ_BCN (1)\"  id='av-masonry-2-item-101' data-av-masonry-item='101' class='av-masonry-entry isotope-item post-101 attachment type-attachment status-inherit hentry  av-masonry-item-with-image' title=\"02-C.ESCULTORORDO\u00d1EZ_BCN (1)\" alt=\"\"    itemprop=\"thumbnailUrl\" ><div class='av-inner-masonry-sizer'><\/div><figure class='av-inner-masonry main_color'><div class=\"av-masonry-outerimage-container\"><div class='av-masonry-image-container' style=\"background-image: url(https:\/\/estudi-xv.cat\/wp-content\/uploads\/2019\/09\/02-C.ESCULTORORDO\u00d1EZ_BCN-1-705x529.jpg);\"  title=\"02-C.ESCULTORORDO\u00d1EZ_BCN (1)\"  ><\/div><\/div><\/figure><\/a><!--end av-masonry entry--><a href=\"https:\/\/estudi-xv.cat\/wp-content\/uploads\/2019\/09\/02-C.ESCULTORORDO\u00d1EZ_BCN-2.jpg\" data-srcset=\"https:\/\/estudi-xv.cat\/wp-content\/uploads\/2019\/09\/02-C.ESCULTORORDO\u00d1EZ_BCN-2.jpg 1024w, https:\/\/estudi-xv.cat\/wp-content\/uploads\/2019\/09\/02-C.ESCULTORORDO\u00d1EZ_BCN-2-300x225.jpg 300w, https:\/\/estudi-xv.cat\/wp-content\/uploads\/2019\/09\/02-C.ESCULTORORDO\u00d1EZ_BCN-2-768x576.jpg 768w, https:\/\/estudi-xv.cat\/wp-content\/uploads\/2019\/09\/02-C.ESCULTORORDO\u00d1EZ_BCN-2-705x529.jpg 705w, https:\/\/estudi-xv.cat\/wp-content\/uploads\/2019\/09\/02-C.ESCULTORORDO\u00d1EZ_BCN-2-450x338.jpg 450w\" data-sizes=\"(max-width: 1024px) 100vw, 1024px\"  aria-label=\"image 02-C.ESCULTORORDO\u00d1EZ_BCN (2)\"  id='av-masonry-2-item-102' data-av-masonry-item='102' class='av-masonry-entry isotope-item post-102 attachment type-attachment status-inherit hentry  av-masonry-item-with-image' title=\"02-C.ESCULTORORDO\u00d1EZ_BCN (2)\" alt=\"\"    itemprop=\"thumbnailUrl\" ><div class='av-inner-masonry-sizer'><\/div><figure class='av-inner-masonry main_color'><div class=\"av-masonry-outerimage-container\"><div class='av-masonry-image-container' style=\"background-image: url(https:\/\/estudi-xv.cat\/wp-content\/uploads\/2019\/09\/02-C.ESCULTORORDO\u00d1EZ_BCN-2-705x529.jpg);\"  title=\"02-C.ESCULTORORDO\u00d1EZ_BCN (2)\"  ><\/div><\/div><\/figure><\/a><!--end av-masonry entry--><\/div><\/div>\n\n<style type=\"text\/css\" data-created_by=\"avia_inline_auto\" id=\"style-css-av-av_heading-a556fba1c4cad9c144b592e8bd86d70a\">\n#top .av-special-heading.av-av_heading-a556fba1c4cad9c144b592e8bd86d70a{\npadding-bottom:10px;\n}\nbody .av-special-heading.av-av_heading-a556fba1c4cad9c144b592e8bd86d70a .av-special-heading-tag .heading-char{\nfont-size:25px;\n}\n.av-special-heading.av-av_heading-a556fba1c4cad9c144b592e8bd86d70a .av-subheading{\nfont-size:15px;\n}\n<\/style>\n<div  class='av-special-heading av-av_heading-a556fba1c4cad9c144b592e8bd86d70a av-special-heading-h2  avia-builder-el-15  el_after_av_masonry_gallery  el_before_av_textblock  avia-builder-el-first '><h2 class='av-special-heading-tag'  itemprop=\"headline\"  >C\u00c1LCULO DE ESTRUCTURA PARA NUEVA CONSTRUCCI\u00d3N CONJUNTO RESIDENCIAL<\/h2><div class=\"special-heading-border\"><div class=\"special-heading-inner-border\"><\/div><\/div><\/div>\n<section  class='av_textblock_section av-av_textblock-2de302bf1aa3cf4c9157dbe6f50ac7eb '   itemscope=\"itemscope\" itemtype=\"https:\/\/schema.org\/CreativeWork\" ><div class='avia_textblock'  itemprop=\"text\" ><p>5 torres con viviendas, locales y aparcamiento, Pla de Palau, Barcelona. (3 PS + PB + 7 a 12 PP, sup. Construida 63.000 m2)<\/p>\n<\/div><\/section>\n<div id='av-masonry-3' class='av-masonry av-av_masonry_gallery-7197c4a85c3011f08f10ceac12347b16 noHover av-fixed-size av-large-gap av-hover-overlay- av-masonry-animation-active av-masonry-col-4 av-caption-always av-caption-style- av-masonry-gallery ' data-post_id=\"347\"><div class=\"av-masonry-container isotope av-js-disabled\"><div class='av-masonry-entry isotope-item av-masonry-item-no-image '><\/div><a href=\"https:\/\/estudi-xv.cat\/wp-content\/uploads\/2019\/09\/03-PLAPALAU_BCN-773x1030.jpg\" data-srcset=\"https:\/\/estudi-xv.cat\/wp-content\/uploads\/2019\/09\/03-PLAPALAU_BCN-773x1030.jpg 773w, https:\/\/estudi-xv.cat\/wp-content\/uploads\/2019\/09\/03-PLAPALAU_BCN-225x300.jpg 225w, https:\/\/estudi-xv.cat\/wp-content\/uploads\/2019\/09\/03-PLAPALAU_BCN-768x1024.jpg 768w, https:\/\/estudi-xv.cat\/wp-content\/uploads\/2019\/09\/03-PLAPALAU_BCN-529x705.jpg 529w, https:\/\/estudi-xv.cat\/wp-content\/uploads\/2019\/09\/03-PLAPALAU_BCN-450x600.jpg 450w, https:\/\/estudi-xv.cat\/wp-content\/uploads\/2019\/09\/03-PLAPALAU_BCN.jpg 810w\" data-sizes=\"(max-width: 773px) 100vw, 773px\"  aria-label=\"image 03-PLAPALAU_BCN\"  id='av-masonry-3-item-103' data-av-masonry-item='103' class='av-masonry-entry isotope-item post-103 attachment type-attachment status-inherit hentry  av-masonry-item-with-image' title=\"03-PLAPALAU_BCN\" alt=\"\"    itemprop=\"thumbnailUrl\" ><div class='av-inner-masonry-sizer'><\/div><figure class='av-inner-masonry main_color'><div class=\"av-masonry-outerimage-container\"><div class='av-masonry-image-container' style=\"background-image: url(https:\/\/estudi-xv.cat\/wp-content\/uploads\/2019\/09\/03-PLAPALAU_BCN-529x705.jpg);\"  title=\"03-PLAPALAU_BCN\"  ><\/div><\/div><\/figure><\/a><!--end av-masonry entry--><\/div><\/div>\n\n<style type=\"text\/css\" data-created_by=\"avia_inline_auto\" id=\"style-css-av-av_heading-0e7a9b528224d6877f32c33c00a658c8\">\n#top .av-special-heading.av-av_heading-0e7a9b528224d6877f32c33c00a658c8{\npadding-bottom:10px;\n}\nbody .av-special-heading.av-av_heading-0e7a9b528224d6877f32c33c00a658c8 .av-special-heading-tag .heading-char{\nfont-size:25px;\n}\n.av-special-heading.av-av_heading-0e7a9b528224d6877f32c33c00a658c8 .av-subheading{\nfont-size:15px;\n}\n<\/style>\n<div  class='av-special-heading av-av_heading-0e7a9b528224d6877f32c33c00a658c8 av-special-heading-h2  avia-builder-el-18  el_after_av_masonry_gallery  el_before_av_textblock  avia-builder-el-first '><h2 class='av-special-heading-tag'  itemprop=\"headline\"  >C\u00c1LCULO DE ESTRUCTURA PARA NUEVA CONSTRUCCI\u00d3N DE CENTRO EDUCACI\u00d3N INFANTIL Y PRIMARIA<\/h2><div class=\"special-heading-border\"><div class=\"special-heading-inner-border\"><\/div><\/div><\/div>\n<section  class='av_textblock_section av-av_textblock-2de302bf1aa3cf4c9157dbe6f50ac7eb '   itemscope=\"itemscope\" itemtype=\"https:\/\/schema.org\/CreativeWork\" ><div class='avia_textblock'  itemprop=\"text\" ><p>Avda. Gaud\u00ed, Premi\u00e0 de Mar. (PB + PP, sup. construida = 5.500 m2)<\/p>\n<\/div><\/section>\n<div id='av-masonry-4' class='av-masonry av-av_masonry_gallery-1f6a8a374dabd550164a2750968c6a17 noHover av-fixed-size av-large-gap av-hover-overlay- av-masonry-animation-active av-masonry-col-4 av-caption-always av-caption-style- av-masonry-gallery ' data-post_id=\"347\"><div class=\"av-masonry-container isotope av-js-disabled\"><div class='av-masonry-entry isotope-item av-masonry-item-no-image '><\/div><a href=\"https:\/\/estudi-xv.cat\/wp-content\/uploads\/2019\/09\/04-CEIP_PREMIAMAR-1-773x1030.jpg\" data-srcset=\"https:\/\/estudi-xv.cat\/wp-content\/uploads\/2019\/09\/04-CEIP_PREMIAMAR-1-773x1030.jpg 773w, https:\/\/estudi-xv.cat\/wp-content\/uploads\/2019\/09\/04-CEIP_PREMIAMAR-1-225x300.jpg 225w, https:\/\/estudi-xv.cat\/wp-content\/uploads\/2019\/09\/04-CEIP_PREMIAMAR-1-768x1024.jpg 768w, https:\/\/estudi-xv.cat\/wp-content\/uploads\/2019\/09\/04-CEIP_PREMIAMAR-1-529x705.jpg 529w, https:\/\/estudi-xv.cat\/wp-content\/uploads\/2019\/09\/04-CEIP_PREMIAMAR-1-450x600.jpg 450w, https:\/\/estudi-xv.cat\/wp-content\/uploads\/2019\/09\/04-CEIP_PREMIAMAR-1.jpg 810w\" data-sizes=\"(max-width: 773px) 100vw, 773px\"  aria-label=\"image 04-CEIP_PREMIAMAR (1)\"  id='av-masonry-4-item-104' data-av-masonry-item='104' class='av-masonry-entry isotope-item post-104 attachment type-attachment status-inherit hentry  av-masonry-item-with-image' title=\"04-CEIP_PREMIAMAR (1)\" alt=\"\"    itemprop=\"thumbnailUrl\" ><div class='av-inner-masonry-sizer'><\/div><figure class='av-inner-masonry main_color'><div class=\"av-masonry-outerimage-container\"><div class='av-masonry-image-container' style=\"background-image: url(https:\/\/estudi-xv.cat\/wp-content\/uploads\/2019\/09\/04-CEIP_PREMIAMAR-1-529x705.jpg);\"  title=\"04-CEIP_PREMIAMAR (1)\"  ><\/div><\/div><\/figure><\/a><!--end av-masonry entry--><a href=\"https:\/\/estudi-xv.cat\/wp-content\/uploads\/2019\/09\/04-CEIP_PREMIAMAR-2-773x1030.jpg\" data-srcset=\"https:\/\/estudi-xv.cat\/wp-content\/uploads\/2019\/09\/04-CEIP_PREMIAMAR-2-773x1030.jpg 773w, https:\/\/estudi-xv.cat\/wp-content\/uploads\/2019\/09\/04-CEIP_PREMIAMAR-2-225x300.jpg 225w, https:\/\/estudi-xv.cat\/wp-content\/uploads\/2019\/09\/04-CEIP_PREMIAMAR-2-768x1024.jpg 768w, https:\/\/estudi-xv.cat\/wp-content\/uploads\/2019\/09\/04-CEIP_PREMIAMAR-2-529x705.jpg 529w, https:\/\/estudi-xv.cat\/wp-content\/uploads\/2019\/09\/04-CEIP_PREMIAMAR-2-450x600.jpg 450w, https:\/\/estudi-xv.cat\/wp-content\/uploads\/2019\/09\/04-CEIP_PREMIAMAR-2.jpg 810w\" data-sizes=\"(max-width: 773px) 100vw, 773px\"  aria-label=\"image 04-CEIP_PREMIAMAR (2)\"  id='av-masonry-4-item-105' data-av-masonry-item='105' class='av-masonry-entry isotope-item post-105 attachment type-attachment status-inherit hentry  av-masonry-item-with-image' title=\"04-CEIP_PREMIAMAR (2)\" alt=\"\"    itemprop=\"thumbnailUrl\" ><div class='av-inner-masonry-sizer'><\/div><figure class='av-inner-masonry main_color'><div class=\"av-masonry-outerimage-container\"><div class='av-masonry-image-container' style=\"background-image: url(https:\/\/estudi-xv.cat\/wp-content\/uploads\/2019\/09\/04-CEIP_PREMIAMAR-2-529x705.jpg);\"  title=\"04-CEIP_PREMIAMAR (2)\"  ><\/div><\/div><\/figure><\/a><!--end av-masonry entry--><\/div><\/div>\n\n<style type=\"text\/css\" data-created_by=\"avia_inline_auto\" id=\"style-css-av-av_heading-aa2aa3ec0266ad95ded4b02007b289c0\">\n#top .av-special-heading.av-av_heading-aa2aa3ec0266ad95ded4b02007b289c0{\npadding-bottom:10px;\n}\nbody .av-special-heading.av-av_heading-aa2aa3ec0266ad95ded4b02007b289c0 .av-special-heading-tag .heading-char{\nfont-size:25px;\n}\n.av-special-heading.av-av_heading-aa2aa3ec0266ad95ded4b02007b289c0 .av-subheading{\nfont-size:15px;\n}\n<\/style>\n<div  class='av-special-heading av-av_heading-aa2aa3ec0266ad95ded4b02007b289c0 av-special-heading-h2  avia-builder-el-21  el_after_av_masonry_gallery  el_before_av_textblock  avia-builder-el-first '><h2 class='av-special-heading-tag'  itemprop=\"headline\"  >ADECUACI\u00d3N ESTRUCTURAL Y DIRECCI\u00d3N DE OBRA ACONDICIONAMIENTO DE LOCAL PARA SUPERMERCADO<\/h2><div class=\"special-heading-border\"><div class=\"special-heading-inner-border\"><\/div><\/div><\/div>\n<section  class='av_textblock_section av-av_textblock-2de302bf1aa3cf4c9157dbe6f50ac7eb '   itemscope=\"itemscope\" itemtype=\"https:\/\/schema.org\/CreativeWork\" ><div class='avia_textblock'  itemprop=\"text\" ><p>Pg. Maragall, Barcelona. (PS + PB, sup. construida = 2.800 m<sup>2<\/sup>)<\/p>\n<\/div><\/section>\n<div id='av-masonry-5' class='av-masonry av-av_masonry_gallery-d8180c0c1a655e4f3423c5c3c2111a62 noHover av-fixed-size av-large-gap av-hover-overlay- av-masonry-animation-active av-masonry-col-4 av-caption-always av-caption-style- av-masonry-gallery ' data-post_id=\"347\"><div class=\"av-masonry-container isotope av-js-disabled\"><div class='av-masonry-entry isotope-item av-masonry-item-no-image '><\/div><a href=\"https:\/\/estudi-xv.cat\/wp-content\/uploads\/2019\/09\/05-PG.MARAGALL_-BCN-1.jpg\" data-srcset=\"https:\/\/estudi-xv.cat\/wp-content\/uploads\/2019\/09\/05-PG.MARAGALL_-BCN-1.jpg 1024w, https:\/\/estudi-xv.cat\/wp-content\/uploads\/2019\/09\/05-PG.MARAGALL_-BCN-1-300x225.jpg 300w, https:\/\/estudi-xv.cat\/wp-content\/uploads\/2019\/09\/05-PG.MARAGALL_-BCN-1-768x576.jpg 768w, https:\/\/estudi-xv.cat\/wp-content\/uploads\/2019\/09\/05-PG.MARAGALL_-BCN-1-705x529.jpg 705w, https:\/\/estudi-xv.cat\/wp-content\/uploads\/2019\/09\/05-PG.MARAGALL_-BCN-1-450x338.jpg 450w\" data-sizes=\"(max-width: 1024px) 100vw, 1024px\"  aria-label=\"image 05-PG.MARAGALL_ BCN (1)\"  id='av-masonry-5-item-106' data-av-masonry-item='106' class='av-masonry-entry isotope-item post-106 attachment type-attachment status-inherit hentry  av-masonry-item-with-image' title=\"05-PG.MARAGALL_ BCN (1)\" alt=\"\"    itemprop=\"thumbnailUrl\" ><div class='av-inner-masonry-sizer'><\/div><figure class='av-inner-masonry main_color'><div class=\"av-masonry-outerimage-container\"><div class='av-masonry-image-container' style=\"background-image: url(https:\/\/estudi-xv.cat\/wp-content\/uploads\/2019\/09\/05-PG.MARAGALL_-BCN-1-705x529.jpg);\"  title=\"05-PG.MARAGALL_ BCN (1)\"  ><\/div><\/div><\/figure><\/a><!--end av-masonry entry--><a href=\"https:\/\/estudi-xv.cat\/wp-content\/uploads\/2019\/09\/05-PG.MARAGALL_BCN-2.jpg\" data-srcset=\"https:\/\/estudi-xv.cat\/wp-content\/uploads\/2019\/09\/05-PG.MARAGALL_BCN-2.jpg 1024w, https:\/\/estudi-xv.cat\/wp-content\/uploads\/2019\/09\/05-PG.MARAGALL_BCN-2-300x225.jpg 300w, https:\/\/estudi-xv.cat\/wp-content\/uploads\/2019\/09\/05-PG.MARAGALL_BCN-2-768x576.jpg 768w, https:\/\/estudi-xv.cat\/wp-content\/uploads\/2019\/09\/05-PG.MARAGALL_BCN-2-705x529.jpg 705w, https:\/\/estudi-xv.cat\/wp-content\/uploads\/2019\/09\/05-PG.MARAGALL_BCN-2-450x338.jpg 450w\" data-sizes=\"(max-width: 1024px) 100vw, 1024px\"  aria-label=\"image 05-PG.MARAGALL_BCN (2)\"  id='av-masonry-5-item-107' data-av-masonry-item='107' class='av-masonry-entry isotope-item post-107 attachment type-attachment status-inherit hentry  av-masonry-item-with-image' title=\"05-PG.MARAGALL_BCN (2)\" alt=\"\"    itemprop=\"thumbnailUrl\" ><div class='av-inner-masonry-sizer'><\/div><figure class='av-inner-masonry main_color'><div class=\"av-masonry-outerimage-container\"><div class='av-masonry-image-container' style=\"background-image: url(https:\/\/estudi-xv.cat\/wp-content\/uploads\/2019\/09\/05-PG.MARAGALL_BCN-2-705x529.jpg);\"  title=\"05-PG.MARAGALL_BCN (2)\"  ><\/div><\/div><\/figure><\/a><!--end av-masonry entry--><\/div><\/div>\n\n<style type=\"text\/css\" data-created_by=\"avia_inline_auto\" id=\"style-css-av-av_heading-683f8886166f3057505179a1002a6036\">\n#top .av-special-heading.av-av_heading-683f8886166f3057505179a1002a6036{\npadding-bottom:10px;\n}\nbody .av-special-heading.av-av_heading-683f8886166f3057505179a1002a6036 .av-special-heading-tag .heading-char{\nfont-size:25px;\n}\n.av-special-heading.av-av_heading-683f8886166f3057505179a1002a6036 .av-subheading{\nfont-size:15px;\n}\n<\/style>\n<div  class='av-special-heading av-av_heading-683f8886166f3057505179a1002a6036 av-special-heading-h2  avia-builder-el-24  el_after_av_masonry_gallery  el_before_av_textblock  avia-builder-el-first '><h2 class='av-special-heading-tag'  itemprop=\"headline\"  >C\u00c1LCULO DE ESTRUCTURA NUEVA CONSTRUCCI\u00d3N DE HOTEL EN ESQUINA<\/h2><div class=\"special-heading-border\"><div class=\"special-heading-inner-border\"><\/div><\/div><\/div>\n<section  class='av_textblock_section av-av_textblock-2de302bf1aa3cf4c9157dbe6f50ac7eb '   itemscope=\"itemscope\" itemtype=\"https:\/\/schema.org\/CreativeWork\" ><div class='avia_textblock'  itemprop=\"text\" ><p>Pg. Pujades, Barcelona. (PS + PB + 7PP, sup. Construida = 13.650 m<sup>2<\/sup>)<\/p>\n<\/div><\/section>\n<div id='av-masonry-6' class='av-masonry av-av_masonry_gallery-a04da738a04040049f926de89af5d12f noHover av-fixed-size av-large-gap av-hover-overlay- av-masonry-animation-active av-masonry-col-4 av-caption-always av-caption-style- av-masonry-gallery ' data-post_id=\"347\"><div class=\"av-masonry-container isotope av-js-disabled\"><div class='av-masonry-entry isotope-item av-masonry-item-no-image '><\/div><a href=\"https:\/\/estudi-xv.cat\/wp-content\/uploads\/2019\/09\/06-PG.PUJADES_BCN-1.jpg\" data-srcset=\"https:\/\/estudi-xv.cat\/wp-content\/uploads\/2019\/09\/06-PG.PUJADES_BCN-1.jpg 1024w, https:\/\/estudi-xv.cat\/wp-content\/uploads\/2019\/09\/06-PG.PUJADES_BCN-1-300x225.jpg 300w, https:\/\/estudi-xv.cat\/wp-content\/uploads\/2019\/09\/06-PG.PUJADES_BCN-1-768x576.jpg 768w, https:\/\/estudi-xv.cat\/wp-content\/uploads\/2019\/09\/06-PG.PUJADES_BCN-1-705x529.jpg 705w, https:\/\/estudi-xv.cat\/wp-content\/uploads\/2019\/09\/06-PG.PUJADES_BCN-1-450x338.jpg 450w\" data-sizes=\"(max-width: 1024px) 100vw, 1024px\"  aria-label=\"image 06-PG.PUJADES_BCN (1)\"  id='av-masonry-6-item-108' data-av-masonry-item='108' class='av-masonry-entry isotope-item post-108 attachment type-attachment status-inherit hentry  av-masonry-item-with-image' title=\"06-PG.PUJADES_BCN (1)\" alt=\"\"    itemprop=\"thumbnailUrl\" ><div class='av-inner-masonry-sizer'><\/div><figure class='av-inner-masonry main_color'><div class=\"av-masonry-outerimage-container\"><div class='av-masonry-image-container' style=\"background-image: url(https:\/\/estudi-xv.cat\/wp-content\/uploads\/2019\/09\/06-PG.PUJADES_BCN-1-705x529.jpg);\"  title=\"06-PG.PUJADES_BCN (1)\"  ><\/div><\/div><\/figure><\/a><!--end av-masonry entry--><a href=\"https:\/\/estudi-xv.cat\/wp-content\/uploads\/2019\/09\/06-PG.PUJADES_BCN-2-773x1030.jpg\" data-srcset=\"https:\/\/estudi-xv.cat\/wp-content\/uploads\/2019\/09\/06-PG.PUJADES_BCN-2-773x1030.jpg 773w, https:\/\/estudi-xv.cat\/wp-content\/uploads\/2019\/09\/06-PG.PUJADES_BCN-2-225x300.jpg 225w, https:\/\/estudi-xv.cat\/wp-content\/uploads\/2019\/09\/06-PG.PUJADES_BCN-2-768x1024.jpg 768w, https:\/\/estudi-xv.cat\/wp-content\/uploads\/2019\/09\/06-PG.PUJADES_BCN-2-529x705.jpg 529w, https:\/\/estudi-xv.cat\/wp-content\/uploads\/2019\/09\/06-PG.PUJADES_BCN-2-450x600.jpg 450w, https:\/\/estudi-xv.cat\/wp-content\/uploads\/2019\/09\/06-PG.PUJADES_BCN-2.jpg 810w\" data-sizes=\"(max-width: 773px) 100vw, 773px\"  aria-label=\"image 06-PG.PUJADES_BCN (2)\"  id='av-masonry-6-item-109' data-av-masonry-item='109' class='av-masonry-entry isotope-item post-109 attachment type-attachment status-inherit hentry  av-masonry-item-with-image' title=\"06-PG.PUJADES_BCN (2)\" alt=\"\"    itemprop=\"thumbnailUrl\" ><div class='av-inner-masonry-sizer'><\/div><figure class='av-inner-masonry main_color'><div class=\"av-masonry-outerimage-container\"><div class='av-masonry-image-container' style=\"background-image: url(https:\/\/estudi-xv.cat\/wp-content\/uploads\/2019\/09\/06-PG.PUJADES_BCN-2-529x705.jpg);\"  title=\"06-PG.PUJADES_BCN (2)\"  ><\/div><\/div><\/figure><\/a><!--end av-masonry entry--><a href=\"https:\/\/estudi-xv.cat\/wp-content\/uploads\/2019\/09\/06-PG.PUJADES_BCN-3.jpg\" data-srcset=\"https:\/\/estudi-xv.cat\/wp-content\/uploads\/2019\/09\/06-PG.PUJADES_BCN-3.jpg 1024w, https:\/\/estudi-xv.cat\/wp-content\/uploads\/2019\/09\/06-PG.PUJADES_BCN-3-300x225.jpg 300w, https:\/\/estudi-xv.cat\/wp-content\/uploads\/2019\/09\/06-PG.PUJADES_BCN-3-768x576.jpg 768w, https:\/\/estudi-xv.cat\/wp-content\/uploads\/2019\/09\/06-PG.PUJADES_BCN-3-705x529.jpg 705w, https:\/\/estudi-xv.cat\/wp-content\/uploads\/2019\/09\/06-PG.PUJADES_BCN-3-450x338.jpg 450w\" data-sizes=\"(max-width: 1024px) 100vw, 1024px\"  aria-label=\"image 06-PG.PUJADES_BCN (3)\"  id='av-masonry-6-item-110' data-av-masonry-item='110' class='av-masonry-entry isotope-item post-110 attachment type-attachment status-inherit hentry  av-masonry-item-with-image' title=\"06-PG.PUJADES_BCN (3)\" alt=\"\"    itemprop=\"thumbnailUrl\" ><div class='av-inner-masonry-sizer'><\/div><figure class='av-inner-masonry main_color'><div class=\"av-masonry-outerimage-container\"><div class='av-masonry-image-container' style=\"background-image: url(https:\/\/estudi-xv.cat\/wp-content\/uploads\/2019\/09\/06-PG.PUJADES_BCN-3-705x529.jpg);\"  title=\"06-PG.PUJADES_BCN (3)\"  ><\/div><\/div><\/figure><\/a><!--end av-masonry entry--><\/div><\/div>\n\n<style type=\"text\/css\" data-created_by=\"avia_inline_auto\" id=\"style-css-av-av_heading-fc4da712bec393af36d363cf91406e6b\">\n#top .av-special-heading.av-av_heading-fc4da712bec393af36d363cf91406e6b{\npadding-bottom:10px;\n}\nbody .av-special-heading.av-av_heading-fc4da712bec393af36d363cf91406e6b .av-special-heading-tag .heading-char{\nfont-size:25px;\n}\n.av-special-heading.av-av_heading-fc4da712bec393af36d363cf91406e6b .av-subheading{\nfont-size:15px;\n}\n<\/style>\n<div  class='av-special-heading av-av_heading-fc4da712bec393af36d363cf91406e6b av-special-heading-h2  avia-builder-el-27  el_after_av_masonry_gallery  el_before_av_textblock  avia-builder-el-first '><h2 class='av-special-heading-tag'  itemprop=\"headline\"  >C\u00c1LCULO DE ESTRUCTURA NUEVA CONSTRUCCI\u00d3N DE CONJUNTO RESIDENCIAL<\/h2><div class=\"special-heading-border\"><div class=\"special-heading-inner-border\"><\/div><\/div><\/div>\n<section  class='av_textblock_section av-av_textblock-2de302bf1aa3cf4c9157dbe6f50ac7eb '   itemscope=\"itemscope\" itemtype=\"https:\/\/schema.org\/CreativeWork\" ><div class='avia_textblock'  itemprop=\"text\" ><p>105 viviendas, locales y aparcamiento, Avda. Vallvidrera, Sant Cugat del Vall\u00e8s. (2 PS + PB + 4 PP, sup. construida = 27.300 m<sup>2<\/sup>)<\/p>\n<\/div><\/section>\n<div id='av-masonry-7' class='av-masonry av-av_masonry_gallery-379072e062bf3d3a14815121b96590e5 noHover av-fixed-size av-large-gap av-hover-overlay- av-masonry-animation-active av-masonry-col-4 av-caption-always av-caption-style- av-masonry-gallery ' data-post_id=\"347\"><div class=\"av-masonry-container isotope av-js-disabled\"><div class='av-masonry-entry isotope-item av-masonry-item-no-image '><\/div><a href=\"https:\/\/estudi-xv.cat\/wp-content\/uploads\/2019\/09\/07-AV.VALLVIDRERA_ST.CUGATVALLES.jpg\" data-srcset=\"https:\/\/estudi-xv.cat\/wp-content\/uploads\/2019\/09\/07-AV.VALLVIDRERA_ST.CUGATVALLES.jpg 1024w, https:\/\/estudi-xv.cat\/wp-content\/uploads\/2019\/09\/07-AV.VALLVIDRERA_ST.CUGATVALLES-300x113.jpg 300w, https:\/\/estudi-xv.cat\/wp-content\/uploads\/2019\/09\/07-AV.VALLVIDRERA_ST.CUGATVALLES-768x288.jpg 768w, https:\/\/estudi-xv.cat\/wp-content\/uploads\/2019\/09\/07-AV.VALLVIDRERA_ST.CUGATVALLES-705x264.jpg 705w, https:\/\/estudi-xv.cat\/wp-content\/uploads\/2019\/09\/07-AV.VALLVIDRERA_ST.CUGATVALLES-450x169.jpg 450w\" data-sizes=\"(max-width: 1024px) 100vw, 1024px\"  aria-label=\"image 07-AV.VALLVIDRERA_ST.CUGATVALLES\"  id='av-masonry-7-item-111' data-av-masonry-item='111' class='av-masonry-entry isotope-item post-111 attachment type-attachment status-inherit hentry  av-masonry-item-with-image' title=\"07-AV.VALLVIDRERA_ST.CUGATVALLES\" alt=\"\"    itemprop=\"thumbnailUrl\" ><div class='av-inner-masonry-sizer'><\/div><figure class='av-inner-masonry main_color'><div class=\"av-masonry-outerimage-container\"><div class='av-masonry-image-container' style=\"background-image: url(https:\/\/estudi-xv.cat\/wp-content\/uploads\/2019\/09\/07-AV.VALLVIDRERA_ST.CUGATVALLES-705x264.jpg);\"  title=\"07-AV.VALLVIDRERA_ST.CUGATVALLES\"  ><\/div><\/div><\/figure><\/a><!--end av-masonry entry--><\/div><\/div>\n\n<style type=\"text\/css\" data-created_by=\"avia_inline_auto\" id=\"style-css-av-av_heading-9c270fb1b98e43774b4fda0ad9955672\">\n#top .av-special-heading.av-av_heading-9c270fb1b98e43774b4fda0ad9955672{\npadding-bottom:10px;\n}\nbody .av-special-heading.av-av_heading-9c270fb1b98e43774b4fda0ad9955672 .av-special-heading-tag .heading-char{\nfont-size:25px;\n}\n.av-special-heading.av-av_heading-9c270fb1b98e43774b4fda0ad9955672 .av-subheading{\nfont-size:15px;\n}\n<\/style>\n<div  class='av-special-heading av-av_heading-9c270fb1b98e43774b4fda0ad9955672 av-special-heading-h2  avia-builder-el-30  el_after_av_masonry_gallery  el_before_av_textblock  avia-builder-el-first '><h2 class='av-special-heading-tag'  itemprop=\"headline\"  >C\u00c1LCULO DE ESTRUCTURA NUEVA CONSTRUCCI\u00d3N DE 7 VIVIENDAS PAREADAS<\/h2><div class=\"special-heading-border\"><div class=\"special-heading-inner-border\"><\/div><\/div><\/div>\n<section  class='av_textblock_section av-av_textblock-2de302bf1aa3cf4c9157dbe6f50ac7eb '   itemscope=\"itemscope\" itemtype=\"https:\/\/schema.org\/CreativeWork\" ><div class='avia_textblock'  itemprop=\"text\" ><p>Pg. Horta, Cerdanyola del Vall\u00e8s. (PS + PB + PP, sup. construida = 2.750 m<sup>2<\/sup>)<\/p>\n<\/div><\/section>\n<div id='av-masonry-8' class='av-masonry av-av_masonry_gallery-df12a89fd43d63e9c019dd54e7a51e99 noHover av-fixed-size av-large-gap av-hover-overlay- av-masonry-animation-active av-masonry-col-4 av-caption-always av-caption-style- av-masonry-gallery ' data-post_id=\"347\"><div class=\"av-masonry-container isotope av-js-disabled\"><div class='av-masonry-entry isotope-item av-masonry-item-no-image '><\/div><a href=\"https:\/\/estudi-xv.cat\/wp-content\/uploads\/2019\/09\/08-PG.HORTA_CERDANYOLAVALLES.jpg\" data-srcset=\"https:\/\/estudi-xv.cat\/wp-content\/uploads\/2019\/09\/08-PG.HORTA_CERDANYOLAVALLES.jpg 1024w, https:\/\/estudi-xv.cat\/wp-content\/uploads\/2019\/09\/08-PG.HORTA_CERDANYOLAVALLES-300x169.jpg 300w, https:\/\/estudi-xv.cat\/wp-content\/uploads\/2019\/09\/08-PG.HORTA_CERDANYOLAVALLES-768x432.jpg 768w, https:\/\/estudi-xv.cat\/wp-content\/uploads\/2019\/09\/08-PG.HORTA_CERDANYOLAVALLES-705x397.jpg 705w, https:\/\/estudi-xv.cat\/wp-content\/uploads\/2019\/09\/08-PG.HORTA_CERDANYOLAVALLES-450x253.jpg 450w\" data-sizes=\"(max-width: 1024px) 100vw, 1024px\"  aria-label=\"image 08-PG.HORTA_CERDANYOLAVALLES\"  id='av-masonry-8-item-112' data-av-masonry-item='112' class='av-masonry-entry isotope-item post-112 attachment type-attachment status-inherit hentry  av-masonry-item-with-image' title=\"08-PG.HORTA_CERDANYOLAVALLES\" alt=\"\"    itemprop=\"thumbnailUrl\" ><div class='av-inner-masonry-sizer'><\/div><figure class='av-inner-masonry main_color'><div class=\"av-masonry-outerimage-container\"><div class='av-masonry-image-container' style=\"background-image: url(https:\/\/estudi-xv.cat\/wp-content\/uploads\/2019\/09\/08-PG.HORTA_CERDANYOLAVALLES-705x397.jpg);\"  title=\"08-PG.HORTA_CERDANYOLAVALLES\"  ><\/div><\/div><\/figure><\/a><!--end av-masonry entry--><\/div><\/div>\n\n<style type=\"text\/css\" data-created_by=\"avia_inline_auto\" id=\"style-css-av-av_heading-343482458f3295c9cf42c9ec3c6840aa\">\n#top .av-special-heading.av-av_heading-343482458f3295c9cf42c9ec3c6840aa{\npadding-bottom:10px;\n}\nbody .av-special-heading.av-av_heading-343482458f3295c9cf42c9ec3c6840aa .av-special-heading-tag .heading-char{\nfont-size:25px;\n}\n.av-special-heading.av-av_heading-343482458f3295c9cf42c9ec3c6840aa .av-subheading{\nfont-size:15px;\n}\n<\/style>\n<div  class='av-special-heading av-av_heading-343482458f3295c9cf42c9ec3c6840aa av-special-heading-h2  avia-builder-el-33  el_after_av_masonry_gallery  el_before_av_textblock  avia-builder-el-first '><h2 class='av-special-heading-tag'  itemprop=\"headline\"  >C\u00c1LCULO DE ESTRUCTURA Y DIRECCI\u00d3N DE OBRA AMPLIACI\u00d3N DE LOCAL PARA SUPERMERCADO<\/h2><div class=\"special-heading-border\"><div class=\"special-heading-inner-border\"><\/div><\/div><\/div>\n<section  class='av_textblock_section av-av_textblock-2de302bf1aa3cf4c9157dbe6f50ac7eb '   itemscope=\"itemscope\" itemtype=\"https:\/\/schema.org\/CreativeWork\" ><div class='avia_textblock'  itemprop=\"text\" ><p>Avda. Caritat Serinyana, Cadaqu\u00e9s. (PB, sup. construida = 650 m<sup>2<\/sup>)<\/p>\n<\/div><\/section>\n<div id='av-masonry-9' class='av-masonry av-av_masonry_gallery-1441a76d4ca502b7b68cd13ed55abe41 noHover av-fixed-size av-large-gap av-hover-overlay- av-masonry-animation-active av-masonry-col-4 av-caption-always av-caption-style- av-masonry-gallery ' data-post_id=\"347\"><div class=\"av-masonry-container isotope av-js-disabled\"><div class='av-masonry-entry isotope-item av-masonry-item-no-image '><\/div><a href=\"https:\/\/estudi-xv.cat\/wp-content\/uploads\/2019\/09\/09-AV.CARITATSERINYANA_CADAQUES.jpg\" data-srcset=\"https:\/\/estudi-xv.cat\/wp-content\/uploads\/2019\/09\/09-AV.CARITATSERINYANA_CADAQUES.jpg 1024w, https:\/\/estudi-xv.cat\/wp-content\/uploads\/2019\/09\/09-AV.CARITATSERINYANA_CADAQUES-300x225.jpg 300w, https:\/\/estudi-xv.cat\/wp-content\/uploads\/2019\/09\/09-AV.CARITATSERINYANA_CADAQUES-768x576.jpg 768w, https:\/\/estudi-xv.cat\/wp-content\/uploads\/2019\/09\/09-AV.CARITATSERINYANA_CADAQUES-705x529.jpg 705w, https:\/\/estudi-xv.cat\/wp-content\/uploads\/2019\/09\/09-AV.CARITATSERINYANA_CADAQUES-450x338.jpg 450w\" data-sizes=\"(max-width: 1024px) 100vw, 1024px\"  aria-label=\"image 09-AV.CARITATSERINYANA_CADAQUES\"  id='av-masonry-9-item-113' data-av-masonry-item='113' class='av-masonry-entry isotope-item post-113 attachment type-attachment status-inherit hentry  av-masonry-item-with-image' title=\"09-AV.CARITATSERINYANA_CADAQUES\" alt=\"\"    itemprop=\"thumbnailUrl\" ><div class='av-inner-masonry-sizer'><\/div><figure class='av-inner-masonry main_color'><div class=\"av-masonry-outerimage-container\"><div class='av-masonry-image-container' style=\"background-image: url(https:\/\/estudi-xv.cat\/wp-content\/uploads\/2019\/09\/09-AV.CARITATSERINYANA_CADAQUES-705x529.jpg);\"  title=\"09-AV.CARITATSERINYANA_CADAQUES\"  ><\/div><\/div><\/figure><\/a><!--end av-masonry entry--><\/div><\/div>\n\n<style type=\"text\/css\" data-created_by=\"avia_inline_auto\" id=\"style-css-av-av_heading-540cb05048bedbb18ef3c59ef2abf4d9\">\n#top .av-special-heading.av-av_heading-540cb05048bedbb18ef3c59ef2abf4d9{\npadding-bottom:10px;\n}\nbody .av-special-heading.av-av_heading-540cb05048bedbb18ef3c59ef2abf4d9 .av-special-heading-tag .heading-char{\nfont-size:25px;\n}\n.av-special-heading.av-av_heading-540cb05048bedbb18ef3c59ef2abf4d9 .av-subheading{\nfont-size:15px;\n}\n<\/style>\n<div  class='av-special-heading av-av_heading-540cb05048bedbb18ef3c59ef2abf4d9 av-special-heading-h2  avia-builder-el-36  el_after_av_masonry_gallery  el_before_av_textblock  avia-builder-el-first '><h2 class='av-special-heading-tag'  itemprop=\"headline\"  >C\u00c1LCULO DE ESTRUCTURA REFORMA Y AMPLIACI\u00d3N DE VIVIENDA UNIFAMILIAR AISLADA<\/h2><div class=\"special-heading-border\"><div class=\"special-heading-inner-border\"><\/div><\/div><\/div>\n<section  class='av_textblock_section av-av_textblock-2de302bf1aa3cf4c9157dbe6f50ac7eb '   itemscope=\"itemscope\" itemtype=\"https:\/\/schema.org\/CreativeWork\" ><div class='avia_textblock'  itemprop=\"text\" ><p>C. Monestir, Barcelona. (PS + PB + 2 PP, sup. construida = 1.500 m<sup>2<\/sup>)<\/p>\n<\/div><\/section>\n<div id='av-masonry-10' class='av-masonry av-av_masonry_gallery-217baa644f15c79336408143227277e7 noHover av-fixed-size av-large-gap av-hover-overlay- av-masonry-animation-active av-masonry-col-4 av-caption-always av-caption-style- av-masonry-gallery ' data-post_id=\"347\"><div class=\"av-masonry-container isotope av-js-disabled\"><div class='av-masonry-entry isotope-item av-masonry-item-no-image '><\/div><a href=\"https:\/\/estudi-xv.cat\/wp-content\/uploads\/2019\/09\/10-C.MONESTIR_BCN-1.jpg\" data-srcset=\"https:\/\/estudi-xv.cat\/wp-content\/uploads\/2019\/09\/10-C.MONESTIR_BCN-1.jpg 1024w, https:\/\/estudi-xv.cat\/wp-content\/uploads\/2019\/09\/10-C.MONESTIR_BCN-1-300x225.jpg 300w, https:\/\/estudi-xv.cat\/wp-content\/uploads\/2019\/09\/10-C.MONESTIR_BCN-1-768x576.jpg 768w, https:\/\/estudi-xv.cat\/wp-content\/uploads\/2019\/09\/10-C.MONESTIR_BCN-1-705x529.jpg 705w, https:\/\/estudi-xv.cat\/wp-content\/uploads\/2019\/09\/10-C.MONESTIR_BCN-1-450x338.jpg 450w\" data-sizes=\"(max-width: 1024px) 100vw, 1024px\"  aria-label=\"image 10-C.MONESTIR_BCN (1)\"  id='av-masonry-10-item-114' data-av-masonry-item='114' class='av-masonry-entry isotope-item post-114 attachment type-attachment status-inherit hentry  av-masonry-item-with-image' title=\"10-C.MONESTIR_BCN (1)\" alt=\"\"    itemprop=\"thumbnailUrl\" ><div class='av-inner-masonry-sizer'><\/div><figure class='av-inner-masonry main_color'><div class=\"av-masonry-outerimage-container\"><div class='av-masonry-image-container' style=\"background-image: url(https:\/\/estudi-xv.cat\/wp-content\/uploads\/2019\/09\/10-C.MONESTIR_BCN-1-705x529.jpg);\"  title=\"10-C.MONESTIR_BCN (1)\"  ><\/div><\/div><\/figure><\/a><!--end av-masonry entry--><a href=\"https:\/\/estudi-xv.cat\/wp-content\/uploads\/2019\/09\/10-C.MONESTIR_BCN-2-773x1030.jpg\" data-srcset=\"https:\/\/estudi-xv.cat\/wp-content\/uploads\/2019\/09\/10-C.MONESTIR_BCN-2-773x1030.jpg 773w, https:\/\/estudi-xv.cat\/wp-content\/uploads\/2019\/09\/10-C.MONESTIR_BCN-2-225x300.jpg 225w, https:\/\/estudi-xv.cat\/wp-content\/uploads\/2019\/09\/10-C.MONESTIR_BCN-2-768x1024.jpg 768w, https:\/\/estudi-xv.cat\/wp-content\/uploads\/2019\/09\/10-C.MONESTIR_BCN-2-529x705.jpg 529w, https:\/\/estudi-xv.cat\/wp-content\/uploads\/2019\/09\/10-C.MONESTIR_BCN-2-450x600.jpg 450w, https:\/\/estudi-xv.cat\/wp-content\/uploads\/2019\/09\/10-C.MONESTIR_BCN-2.jpg 810w\" data-sizes=\"(max-width: 773px) 100vw, 773px\"  aria-label=\"image 10-C.MONESTIR_BCN (2)\"  id='av-masonry-10-item-115' data-av-masonry-item='115' class='av-masonry-entry isotope-item post-115 attachment type-attachment status-inherit hentry  av-masonry-item-with-image' title=\"10-C.MONESTIR_BCN (2)\" alt=\"\"    itemprop=\"thumbnailUrl\" ><div class='av-inner-masonry-sizer'><\/div><figure class='av-inner-masonry main_color'><div class=\"av-masonry-outerimage-container\"><div class='av-masonry-image-container' style=\"background-image: url(https:\/\/estudi-xv.cat\/wp-content\/uploads\/2019\/09\/10-C.MONESTIR_BCN-2-529x705.jpg);\"  title=\"10-C.MONESTIR_BCN (2)\"  ><\/div><\/div><\/figure><\/a><!--end av-masonry entry--><\/div><\/div>\n\n<style type=\"text\/css\" data-created_by=\"avia_inline_auto\" id=\"style-css-av-av_heading-adc64b58c5bafab985a3699ebb5e7c64\">\n#top .av-special-heading.av-av_heading-adc64b58c5bafab985a3699ebb5e7c64{\npadding-bottom:10px;\n}\nbody .av-special-heading.av-av_heading-adc64b58c5bafab985a3699ebb5e7c64 .av-special-heading-tag .heading-char{\nfont-size:25px;\n}\n.av-special-heading.av-av_heading-adc64b58c5bafab985a3699ebb5e7c64 .av-subheading{\nfont-size:15px;\n}\n<\/style>\n<div  class='av-special-heading av-av_heading-adc64b58c5bafab985a3699ebb5e7c64 av-special-heading-h2  avia-builder-el-39  el_after_av_masonry_gallery  el_before_av_textblock  avia-builder-el-first '><h2 class='av-special-heading-tag'  itemprop=\"headline\"  >C\u00c1LCULO DE ESTRUCTURA AMPLIACI\u00d3N HOTEL<\/h2><div class=\"special-heading-border\"><div class=\"special-heading-inner-border\"><\/div><\/div><\/div>\n<section  class='av_textblock_section av-av_textblock-2de302bf1aa3cf4c9157dbe6f50ac7eb '   itemscope=\"itemscope\" itemtype=\"https:\/\/schema.org\/CreativeWork\" ><div class='avia_textblock'  itemprop=\"text\" ><p>Avda. Olof Palme, Viladecans. (PS + PB + 5 PP, sup. construida = 5.650 m<sup>2<\/sup>)<\/p>\n<\/div><\/section>\n<div id='av-masonry-11' class='av-masonry av-av_masonry_gallery-cbf9bb4772fd27e742373f86de934c15 noHover av-fixed-size av-large-gap av-hover-overlay- av-masonry-animation-active av-masonry-col-4 av-caption-always av-caption-style- av-masonry-gallery ' data-post_id=\"347\"><div class=\"av-masonry-container isotope av-js-disabled\"><div class='av-masonry-entry isotope-item av-masonry-item-no-image '><\/div><a href=\"https:\/\/estudi-xv.cat\/wp-content\/uploads\/2019\/09\/11-AV.OLOFPALME_VILADECANS.jpg\" data-srcset=\"https:\/\/estudi-xv.cat\/wp-content\/uploads\/2019\/09\/11-AV.OLOFPALME_VILADECANS.jpg 1024w, https:\/\/estudi-xv.cat\/wp-content\/uploads\/2019\/09\/11-AV.OLOFPALME_VILADECANS-300x225.jpg 300w, https:\/\/estudi-xv.cat\/wp-content\/uploads\/2019\/09\/11-AV.OLOFPALME_VILADECANS-768x576.jpg 768w, https:\/\/estudi-xv.cat\/wp-content\/uploads\/2019\/09\/11-AV.OLOFPALME_VILADECANS-705x529.jpg 705w, https:\/\/estudi-xv.cat\/wp-content\/uploads\/2019\/09\/11-AV.OLOFPALME_VILADECANS-450x338.jpg 450w\" data-sizes=\"(max-width: 1024px) 100vw, 1024px\"  aria-label=\"image 11-AV.OLOFPALME_VILADECANS\"  id='av-masonry-11-item-93' data-av-masonry-item='93' class='av-masonry-entry isotope-item post-93 attachment type-attachment status-inherit hentry  av-masonry-item-with-image' title=\"11-AV.OLOFPALME_VILADECANS\" alt=\"\"    itemprop=\"thumbnailUrl\" ><div class='av-inner-masonry-sizer'><\/div><figure class='av-inner-masonry main_color'><div class=\"av-masonry-outerimage-container\"><div class='av-masonry-image-container' style=\"background-image: url(https:\/\/estudi-xv.cat\/wp-content\/uploads\/2019\/09\/11-AV.OLOFPALME_VILADECANS-705x529.jpg);\"  title=\"11-AV.OLOFPALME_VILADECANS\"  ><\/div><\/div><\/figure><\/a><!--end av-masonry entry--><\/div><\/div>\n\n<style type=\"text\/css\" data-created_by=\"avia_inline_auto\" id=\"style-css-av-av_heading-cfd5165bd37d4b612394bbc83e82e291\">\n#top .av-special-heading.av-av_heading-cfd5165bd37d4b612394bbc83e82e291{\npadding-bottom:10px;\n}\nbody .av-special-heading.av-av_heading-cfd5165bd37d4b612394bbc83e82e291 .av-special-heading-tag .heading-char{\nfont-size:25px;\n}\n.av-special-heading.av-av_heading-cfd5165bd37d4b612394bbc83e82e291 .av-subheading{\nfont-size:15px;\n}\n<\/style>\n<div  class='av-special-heading av-av_heading-cfd5165bd37d4b612394bbc83e82e291 av-special-heading-h2  avia-builder-el-42  el_after_av_masonry_gallery  el_before_av_textblock  avia-builder-el-first '><h2 class='av-special-heading-tag'  itemprop=\"headline\"  >C\u00c1LCULO DE ESTRUCTURA NUEVA CONSTRUCCI\u00d3N DE EDIFICIO DE OFICINAS<\/h2><div class=\"special-heading-border\"><div class=\"special-heading-inner-border\"><\/div><\/div><\/div>\n<section  class='av_textblock_section av-av_textblock-2de302bf1aa3cf4c9157dbe6f50ac7eb '   itemscope=\"itemscope\" itemtype=\"https:\/\/schema.org\/CreativeWork\" ><div class='avia_textblock'  itemprop=\"text\" ><p>C. Sancho de \u00c0vila, Barcelona. (2 PS + PB + 6 PP, sup. construida = 15.000 m<sup>2<\/sup>)<\/p>\n<\/div><\/section>\n<div id='av-masonry-12' class='av-masonry av-av_masonry_gallery-cfdf77f2f40b7477eb5f89217cf00606 noHover av-fixed-size av-large-gap av-hover-overlay- av-masonry-animation-active av-masonry-col-4 av-caption-always av-caption-style- av-masonry-gallery ' data-post_id=\"347\"><div class=\"av-masonry-container isotope av-js-disabled\"><div class='av-masonry-entry isotope-item av-masonry-item-no-image '><\/div><a href=\"https:\/\/estudi-xv.cat\/wp-content\/uploads\/2019\/09\/12-C.SANCHOAVILA_BARCELONA-773x1030.jpg\" data-srcset=\"https:\/\/estudi-xv.cat\/wp-content\/uploads\/2019\/09\/12-C.SANCHOAVILA_BARCELONA-773x1030.jpg 773w, https:\/\/estudi-xv.cat\/wp-content\/uploads\/2019\/09\/12-C.SANCHOAVILA_BARCELONA-225x300.jpg 225w, https:\/\/estudi-xv.cat\/wp-content\/uploads\/2019\/09\/12-C.SANCHOAVILA_BARCELONA-768x1024.jpg 768w, https:\/\/estudi-xv.cat\/wp-content\/uploads\/2019\/09\/12-C.SANCHOAVILA_BARCELONA-529x705.jpg 529w, https:\/\/estudi-xv.cat\/wp-content\/uploads\/2019\/09\/12-C.SANCHOAVILA_BARCELONA-450x600.jpg 450w, https:\/\/estudi-xv.cat\/wp-content\/uploads\/2019\/09\/12-C.SANCHOAVILA_BARCELONA.jpg 810w\" data-sizes=\"(max-width: 773px) 100vw, 773px\"  aria-label=\"image 12-C.SANCHOAVILA_BARCELONA\"  id='av-masonry-12-item-94' data-av-masonry-item='94' class='av-masonry-entry isotope-item post-94 attachment type-attachment status-inherit hentry  av-masonry-item-with-image' title=\"12-C.SANCHOAVILA_BARCELONA\" alt=\"\"    itemprop=\"thumbnailUrl\" ><div class='av-inner-masonry-sizer'><\/div><figure class='av-inner-masonry main_color'><div class=\"av-masonry-outerimage-container\"><div class='av-masonry-image-container' style=\"background-image: url(https:\/\/estudi-xv.cat\/wp-content\/uploads\/2019\/09\/12-C.SANCHOAVILA_BARCELONA-529x705.jpg);\"  title=\"12-C.SANCHOAVILA_BARCELONA\"  ><\/div><\/div><\/figure><\/a><!--end av-masonry entry--><\/div><\/div>\n\n<style type=\"text\/css\" data-created_by=\"avia_inline_auto\" id=\"style-css-av-klqpr74e-446fe86a5fb48365029709fd12ee0fab\">\n#top .av-special-heading.av-klqpr74e-446fe86a5fb48365029709fd12ee0fab{\npadding-bottom:10px;\n}\nbody .av-special-heading.av-klqpr74e-446fe86a5fb48365029709fd12ee0fab .av-special-heading-tag .heading-char{\nfont-size:25px;\n}\n.av-special-heading.av-klqpr74e-446fe86a5fb48365029709fd12ee0fab .av-subheading{\nfont-size:15px;\n}\n<\/style>\n<div  class='av-special-heading av-klqpr74e-446fe86a5fb48365029709fd12ee0fab av-special-heading-h2  avia-builder-el-45  el_after_av_masonry_gallery  el_before_av_textblock  avia-builder-el-first '><h2 class='av-special-heading-tag'  itemprop=\"headline\"  >C\u00c1LCULO DE ESTRUCTURA NUEVA CONSTRUCCI\u00d3N DE COMPLEJO DE 2 EDIFICIOS<\/h2><div class=\"special-heading-border\"><div class=\"special-heading-inner-border\"><\/div><\/div><\/div>\n<section  class='av_textblock_section av-av_textblock-2de302bf1aa3cf4c9157dbe6f50ac7eb '   itemscope=\"itemscope\" itemtype=\"https:\/\/schema.org\/CreativeWork\" ><div class='avia_textblock'  itemprop=\"text\" ><p>121 viviendas, garaje y trasteros, C. Crist\u00f3bal Colon, Boadilla del Monte. (PS + PB + 3PP, sup. construida = 39.500 m<sup>2<\/sup>)<\/p>\n<\/div><\/section>\n<div id='av-masonry-13' class='av-masonry av-av_masonry_gallery-04d37cd021997b1c82d3f0fa871dc944 noHover av-fixed-size av-large-gap av-hover-overlay- av-masonry-animation-active av-masonry-col-4 av-caption-always av-caption-style- av-masonry-gallery ' data-post_id=\"347\"><div class=\"av-masonry-container isotope av-js-disabled\"><div class='av-masonry-entry isotope-item av-masonry-item-no-image '><\/div><a href=\"https:\/\/estudi-xv.cat\/wp-content\/uploads\/2019\/09\/13-BOADILLA-1.jpg\" data-srcset=\"https:\/\/estudi-xv.cat\/wp-content\/uploads\/2019\/09\/13-BOADILLA-1.jpg 1024w, https:\/\/estudi-xv.cat\/wp-content\/uploads\/2019\/09\/13-BOADILLA-1-300x225.jpg 300w, https:\/\/estudi-xv.cat\/wp-content\/uploads\/2019\/09\/13-BOADILLA-1-768x576.jpg 768w, https:\/\/estudi-xv.cat\/wp-content\/uploads\/2019\/09\/13-BOADILLA-1-705x529.jpg 705w, https:\/\/estudi-xv.cat\/wp-content\/uploads\/2019\/09\/13-BOADILLA-1-450x338.jpg 450w\" data-sizes=\"(max-width: 1024px) 100vw, 1024px\"  aria-label=\"image 13-BOADILLA (1)\"  id='av-masonry-13-item-95' data-av-masonry-item='95' class='av-masonry-entry isotope-item post-95 attachment type-attachment status-inherit hentry  av-masonry-item-with-image' title=\"13-BOADILLA (1)\" alt=\"\"    itemprop=\"thumbnailUrl\" ><div class='av-inner-masonry-sizer'><\/div><figure class='av-inner-masonry main_color'><div class=\"av-masonry-outerimage-container\"><div class='av-masonry-image-container' style=\"background-image: url(https:\/\/estudi-xv.cat\/wp-content\/uploads\/2019\/09\/13-BOADILLA-1-705x529.jpg);\"  title=\"13-BOADILLA (1)\"  ><\/div><\/div><\/figure><\/a><!--end av-masonry entry--><a href=\"https:\/\/estudi-xv.cat\/wp-content\/uploads\/2019\/09\/13-BOADILLA-2.jpg\" data-srcset=\"https:\/\/estudi-xv.cat\/wp-content\/uploads\/2019\/09\/13-BOADILLA-2.jpg 1024w, https:\/\/estudi-xv.cat\/wp-content\/uploads\/2019\/09\/13-BOADILLA-2-300x169.jpg 300w, https:\/\/estudi-xv.cat\/wp-content\/uploads\/2019\/09\/13-BOADILLA-2-768x432.jpg 768w, https:\/\/estudi-xv.cat\/wp-content\/uploads\/2019\/09\/13-BOADILLA-2-705x397.jpg 705w, https:\/\/estudi-xv.cat\/wp-content\/uploads\/2019\/09\/13-BOADILLA-2-450x253.jpg 450w\" data-sizes=\"(max-width: 1024px) 100vw, 1024px\"  aria-label=\"image 13-BOADILLA (2)\"  id='av-masonry-13-item-96' data-av-masonry-item='96' class='av-masonry-entry isotope-item post-96 attachment type-attachment status-inherit hentry  av-masonry-item-with-image' title=\"13-BOADILLA (2)\" alt=\"\"    itemprop=\"thumbnailUrl\" ><div class='av-inner-masonry-sizer'><\/div><figure class='av-inner-masonry main_color'><div class=\"av-masonry-outerimage-container\"><div class='av-masonry-image-container' style=\"background-image: url(https:\/\/estudi-xv.cat\/wp-content\/uploads\/2019\/09\/13-BOADILLA-2-705x397.jpg);\"  title=\"13-BOADILLA (2)\"  ><\/div><\/div><\/figure><\/a><!--end av-masonry entry--><\/div><\/div>\n\n<style type=\"text\/css\" data-created_by=\"avia_inline_auto\" id=\"style-css-av-av_heading-8091070475285981f4608de8cd5a6900\">\n#top .av-special-heading.av-av_heading-8091070475285981f4608de8cd5a6900{\npadding-bottom:10px;\n}\nbody .av-special-heading.av-av_heading-8091070475285981f4608de8cd5a6900 .av-special-heading-tag .heading-char{\nfont-size:25px;\n}\n.av-special-heading.av-av_heading-8091070475285981f4608de8cd5a6900 .av-subheading{\nfont-size:15px;\n}\n<\/style>\n<div  class='av-special-heading av-av_heading-8091070475285981f4608de8cd5a6900 av-special-heading-h2  avia-builder-el-48  el_after_av_masonry_gallery  el_before_av_textblock  avia-builder-el-first '><h2 class='av-special-heading-tag'  itemprop=\"headline\"  >C\u00c1LCULO DE ESTRUCTURA NUEVA CONSTRUCCI\u00d3N DE EDIFICIO PARA CENTRO COMERCIAL<\/h2><div class=\"special-heading-border\"><div class=\"special-heading-inner-border\"><\/div><\/div><\/div>\n<section  class='av_textblock_section av-av_textblock-2de302bf1aa3cf4c9157dbe6f50ac7eb '   itemscope=\"itemscope\" itemtype=\"https:\/\/schema.org\/CreativeWork\" ><div class='avia_textblock'  itemprop=\"text\" ><p>C. Hort de les \u00c0nimes, Palma. (PB + P1, sup. construida = 8.450 m<sup>2<\/sup>)<\/p>\n<\/div><\/section>\n<div id='av-masonry-14' class='av-masonry av-av_masonry_gallery-cf54a2952f4c9e24b1087f56e74138a5 noHover av-fixed-size av-large-gap av-hover-overlay- av-masonry-animation-active av-masonry-col-4 av-caption-always av-caption-style- av-masonry-gallery ' data-post_id=\"347\"><div class=\"av-masonry-container isotope av-js-disabled\"><div class='av-masonry-entry isotope-item av-masonry-item-no-image '><\/div><a href=\"https:\/\/estudi-xv.cat\/wp-content\/uploads\/2019\/09\/14-PALMA-1.jpg\" data-srcset=\"https:\/\/estudi-xv.cat\/wp-content\/uploads\/2019\/09\/14-PALMA-1.jpg 1024w, https:\/\/estudi-xv.cat\/wp-content\/uploads\/2019\/09\/14-PALMA-1-300x163.jpg 300w, https:\/\/estudi-xv.cat\/wp-content\/uploads\/2019\/09\/14-PALMA-1-768x418.jpg 768w, https:\/\/estudi-xv.cat\/wp-content\/uploads\/2019\/09\/14-PALMA-1-705x383.jpg 705w, https:\/\/estudi-xv.cat\/wp-content\/uploads\/2019\/09\/14-PALMA-1-450x245.jpg 450w\" data-sizes=\"(max-width: 1024px) 100vw, 1024px\"  aria-label=\"image 14-PALMA (1)\"  id='av-masonry-14-item-97' data-av-masonry-item='97' class='av-masonry-entry isotope-item post-97 attachment type-attachment status-inherit hentry  av-masonry-item-with-image' title=\"14-PALMA (1)\" alt=\"\"    itemprop=\"thumbnailUrl\" ><div class='av-inner-masonry-sizer'><\/div><figure class='av-inner-masonry main_color'><div class=\"av-masonry-outerimage-container\"><div class='av-masonry-image-container' style=\"background-image: url(https:\/\/estudi-xv.cat\/wp-content\/uploads\/2019\/09\/14-PALMA-1-705x383.jpg);\"  title=\"14-PALMA (1)\"  ><\/div><\/div><\/figure><\/a><!--end av-masonry entry--><a href=\"https:\/\/estudi-xv.cat\/wp-content\/uploads\/2019\/09\/14-PALMA-2.jpg\" data-srcset=\"https:\/\/estudi-xv.cat\/wp-content\/uploads\/2019\/09\/14-PALMA-2.jpg 1024w, https:\/\/estudi-xv.cat\/wp-content\/uploads\/2019\/09\/14-PALMA-2-300x173.jpg 300w, https:\/\/estudi-xv.cat\/wp-content\/uploads\/2019\/09\/14-PALMA-2-768x443.jpg 768w, https:\/\/estudi-xv.cat\/wp-content\/uploads\/2019\/09\/14-PALMA-2-705x406.jpg 705w, https:\/\/estudi-xv.cat\/wp-content\/uploads\/2019\/09\/14-PALMA-2-450x259.jpg 450w\" data-sizes=\"(max-width: 1024px) 100vw, 1024px\"  aria-label=\"image 14-PALMA (2)\"  id='av-masonry-14-item-98' data-av-masonry-item='98' class='av-masonry-entry isotope-item post-98 attachment type-attachment status-inherit hentry  av-masonry-item-with-image' title=\"14-PALMA (2)\" alt=\"\"    itemprop=\"thumbnailUrl\" ><div class='av-inner-masonry-sizer'><\/div><figure class='av-inner-masonry main_color'><div class=\"av-masonry-outerimage-container\"><div class='av-masonry-image-container' style=\"background-image: url(https:\/\/estudi-xv.cat\/wp-content\/uploads\/2019\/09\/14-PALMA-2-705x406.jpg);\"  title=\"14-PALMA (2)\"  ><\/div><\/div><\/figure><\/a><!--end av-masonry entry--><a href=\"https:\/\/estudi-xv.cat\/wp-content\/uploads\/2019\/09\/14-PALMA-3.jpg\" data-srcset=\"https:\/\/estudi-xv.cat\/wp-content\/uploads\/2019\/09\/14-PALMA-3.jpg 1024w, https:\/\/estudi-xv.cat\/wp-content\/uploads\/2019\/09\/14-PALMA-3-300x204.jpg 300w, https:\/\/estudi-xv.cat\/wp-content\/uploads\/2019\/09\/14-PALMA-3-768x524.jpg 768w, https:\/\/estudi-xv.cat\/wp-content\/uploads\/2019\/09\/14-PALMA-3-705x481.jpg 705w, https:\/\/estudi-xv.cat\/wp-content\/uploads\/2019\/09\/14-PALMA-3-450x307.jpg 450w\" data-sizes=\"(max-width: 1024px) 100vw, 1024px\"  aria-label=\"image 14-PALMA (3)\"  id='av-masonry-14-item-99' data-av-masonry-item='99' class='av-masonry-entry isotope-item post-99 attachment type-attachment status-inherit hentry  av-masonry-item-with-image' title=\"14-PALMA (3)\" alt=\"\"    itemprop=\"thumbnailUrl\" ><div class='av-inner-masonry-sizer'><\/div><figure class='av-inner-masonry main_color'><div class=\"av-masonry-outerimage-container\"><div class='av-masonry-image-container' style=\"background-image: url(https:\/\/estudi-xv.cat\/wp-content\/uploads\/2019\/09\/14-PALMA-3-705x481.jpg);\"  title=\"14-PALMA (3)\"  ><\/div><\/div><\/figure><\/a><!--end av-masonry entry--><\/div><\/div>\n\n<style type=\"text\/css\" data-created_by=\"avia_inline_auto\" id=\"style-css-av-av_hr-5ea7596238ed9f191e6b5e662093052f\">\n#top .hr.hr-invisible.av-av_hr-5ea7596238ed9f191e6b5e662093052f{\nheight:30px;\n}\n<\/style>\n<div  class='hr av-av_hr-5ea7596238ed9f191e6b5e662093052f hr-invisible  avia-builder-el-51  el_after_av_masonry_gallery  el_before_av_button  avia-builder-el-first '><span class='hr-inner '><span class=\"hr-inner-style\"><\/span><\/span><\/div>\n<div  class='avia-button-wrap av-av_button-eb8d9d0cfee76e663f2d5921050826ee-wrap avia-button-center  avia-builder-el-52  el_after_av_hr  avia-builder-el-last '><a href='https:\/\/estudi-xv.cat\/es\/intervenciones-estructurales\/'  class='avia-button av-av_button-eb8d9d0cfee76e663f2d5921050826ee avia-icon_select-no avia-size-large avia-position-center avia-color-theme-color'  ><span class='avia_iconbox_title' >Intervenciones Estructurales<\/span><\/a><\/div>\n","protected":false},"excerpt":{"rendered":"","protected":false},"author":1,"featured_media":0,"parent":0,"menu_order":100,"comment_status":"closed","ping_status":"closed","template":"","meta":[],"yoast_head":"<!-- This site is optimized with the Yoast SEO plugin v20.9 - https:\/\/yoast.com\/wordpress\/plugins\/seo\/ -->\n<title>Estudi-XV - C\u00e1lculo y Dise\u00f1o Estructuras<\/title>\n<meta name=\"description\" content=\"C\u00e1lculo y dise\u00f1o de toda tipolog\u00eda de estructuras arquitect\u00f3nicas en nueva construcci\u00f3n y gran rehabilitaci\u00f3n, para proyectos propios o como encargo de arquitectos\" \/>\n<meta name=\"robots\" content=\"index, follow, max-snippet:-1, max-image-preview:large, max-video-preview:-1\" \/>\n<link rel=\"canonical\" href=\"https:\/\/estudi-xv.cat\/es\/calculo-y-diseno-estructuras\/\" \/>\n<meta name=\"twitter:label1\" content=\"Tiempo de lectura\" \/>\n\t<meta name=\"twitter:data1\" content=\"14 minutos\" \/>\n<script type=\"application\/ld+json\" class=\"yoast-schema-graph\">{\"@context\":\"https:\/\/schema.org\",\"@graph\":[{\"@type\":\"WebPage\",\"@id\":\"https:\/\/estudi-xv.cat\/es\/calculo-y-diseno-estructuras\/\",\"url\":\"https:\/\/estudi-xv.cat\/es\/calculo-y-diseno-estructuras\/\",\"name\":\"Estudi-XV - C\u00e1lculo y Dise\u00f1o Estructuras\",\"isPartOf\":{\"@id\":\"https:\/\/estudi-xv.cat\/#website\"},\"datePublished\":\"2019-10-02T14:17:22+00:00\",\"dateModified\":\"2021-03-01T15:08:02+00:00\",\"description\":\"C\u00e1lculo y dise\u00f1o de toda tipolog\u00eda de estructuras arquitect\u00f3nicas en nueva construcci\u00f3n y gran rehabilitaci\u00f3n, para proyectos propios o como encargo de arquitectos\",\"breadcrumb\":{\"@id\":\"https:\/\/estudi-xv.cat\/es\/calculo-y-diseno-estructuras\/#breadcrumb\"},\"inLanguage\":\"es\",\"potentialAction\":[{\"@type\":\"ReadAction\",\"target\":[\"https:\/\/estudi-xv.cat\/es\/calculo-y-diseno-estructuras\/\"]}]},{\"@type\":\"BreadcrumbList\",\"@id\":\"https:\/\/estudi-xv.cat\/es\/calculo-y-diseno-estructuras\/#breadcrumb\",\"itemListElement\":[{\"@type\":\"ListItem\",\"position\":1,\"name\":\"Portada\",\"item\":\"https:\/\/estudi-xv.cat\/es\/\"},{\"@type\":\"ListItem\",\"position\":2,\"name\":\"C\u00e1lculo y Dise\u00f1o Estructuras\"}]},{\"@type\":\"WebSite\",\"@id\":\"https:\/\/estudi-xv.cat\/#website\",\"url\":\"https:\/\/estudi-xv.cat\/\",\"name\":\"ESTUDI-XV\",\"description\":\"ESTUDI-XV\",\"potentialAction\":[{\"@type\":\"SearchAction\",\"target\":{\"@type\":\"EntryPoint\",\"urlTemplate\":\"https:\/\/estudi-xv.cat\/?s={search_term_string}\"},\"query-input\":\"required name=search_term_string\"}],\"inLanguage\":\"es\"}]}<\/script>\n<!-- \/ Yoast SEO plugin. -->","yoast_head_json":{"title":"Estudi-XV - C\u00e1lculo y Dise\u00f1o Estructuras","description":"C\u00e1lculo y dise\u00f1o de toda tipolog\u00eda de estructuras arquitect\u00f3nicas en nueva construcci\u00f3n y gran rehabilitaci\u00f3n, para proyectos propios o como encargo de arquitectos","robots":{"index":"index","follow":"follow","max-snippet":"max-snippet:-1","max-image-preview":"max-image-preview:large","max-video-preview":"max-video-preview:-1"},"canonical":"https:\/\/estudi-xv.cat\/es\/calculo-y-diseno-estructuras\/","twitter_misc":{"Tiempo de lectura":"14 minutos"},"schema":{"@context":"https:\/\/schema.org","@graph":[{"@type":"WebPage","@id":"https:\/\/estudi-xv.cat\/es\/calculo-y-diseno-estructuras\/","url":"https:\/\/estudi-xv.cat\/es\/calculo-y-diseno-estructuras\/","name":"Estudi-XV - C\u00e1lculo y Dise\u00f1o Estructuras","isPartOf":{"@id":"https:\/\/estudi-xv.cat\/#website"},"datePublished":"2019-10-02T14:17:22+00:00","dateModified":"2021-03-01T15:08:02+00:00","description":"C\u00e1lculo y dise\u00f1o de toda tipolog\u00eda de estructuras arquitect\u00f3nicas en nueva construcci\u00f3n y gran rehabilitaci\u00f3n, para proyectos propios o como encargo de arquitectos","breadcrumb":{"@id":"https:\/\/estudi-xv.cat\/es\/calculo-y-diseno-estructuras\/#breadcrumb"},"inLanguage":"es","potentialAction":[{"@type":"ReadAction","target":["https:\/\/estudi-xv.cat\/es\/calculo-y-diseno-estructuras\/"]}]},{"@type":"BreadcrumbList","@id":"https:\/\/estudi-xv.cat\/es\/calculo-y-diseno-estructuras\/#breadcrumb","itemListElement":[{"@type":"ListItem","position":1,"name":"Portada","item":"https:\/\/estudi-xv.cat\/es\/"},{"@type":"ListItem","position":2,"name":"C\u00e1lculo y Dise\u00f1o Estructuras"}]},{"@type":"WebSite","@id":"https:\/\/estudi-xv.cat\/#website","url":"https:\/\/estudi-xv.cat\/","name":"ESTUDI-XV","description":"ESTUDI-XV","potentialAction":[{"@type":"SearchAction","target":{"@type":"EntryPoint","urlTemplate":"https:\/\/estudi-xv.cat\/?s={search_term_string}"},"query-input":"required name=search_term_string"}],"inLanguage":"es"}]}},"_links":{"self":[{"href":"https:\/\/estudi-xv.cat\/es\/wp-json\/wp\/v2\/pages\/347"}],"collection":[{"href":"https:\/\/estudi-xv.cat\/es\/wp-json\/wp\/v2\/pages"}],"about":[{"href":"https:\/\/estudi-xv.cat\/es\/wp-json\/wp\/v2\/types\/page"}],"author":[{"embeddable":true,"href":"https:\/\/estudi-xv.cat\/es\/wp-json\/wp\/v2\/users\/1"}],"replies":[{"embeddable":true,"href":"https:\/\/estudi-xv.cat\/es\/wp-json\/wp\/v2\/comments?post=347"}],"version-history":[{"count":9,"href":"https:\/\/estudi-xv.cat\/es\/wp-json\/wp\/v2\/pages\/347\/revisions"}],"predecessor-version":[{"id":852,"href":"https:\/\/estudi-xv.cat\/es\/wp-json\/wp\/v2\/pages\/347\/revisions\/852"}],"wp:attachment":[{"href":"https:\/\/estudi-xv.cat\/es\/wp-json\/wp\/v2\/media?parent=347"}],"curies":[{"name":"wp","href":"https:\/\/api.w.org\/{rel}","templated":true}]}}